{"id":2374,"date":"2024-06-25T08:53:04","date_gmt":"2024-06-25T08:53:04","guid":{"rendered":"https:\/\/falkin.nl\/produkte\/flaggen\/masten\/"},"modified":"2024-10-25T09:24:44","modified_gmt":"2024-10-25T09:24:44","slug":"masten","status":"publish","type":"page","link":"https:\/\/falkin.nl\/de\/produkte\/flaggen\/masten\/","title":{"rendered":"Masten"},"content":{"rendered":"<div class=\"wpb-content-wrapper\"><p>[vc_section full_width=&#8220;stretch_row&#8220; el_class=&#8220;blue-gradient&#8220; conditional_render=&#8220;%5B%7B%22value_role%22%3A%22administrator%22%7D%5D&#8220; css=&#8220;.vc_custom_1719583350510{margin-top: -50px !important;margin-bottom: 0px !important;padding-top: 250px !important;padding-right: 30px !important;padding-bottom: 100px !important;padding-left: 30px !important;}&#8220;][vc_row wrap_container=&#8220;yes&#8220; conditional_render=&#8220;%5B%7B%22value_role%22%3A%22administrator%22%7D%5D&#8220;][vc_column width=&#8220;1\/6&#8243;][\/vc_column][vc_column width=&#8220;2\/3&#8243;][vc_column_text css=&#8220;.vc_custom_1719582566637{margin-bottom: 15px !important;}&#8220; text_color=&#8220;var(&#8211;porto-secondary-color)&#8220; text_typography=&#8220;{&#8222;family&#8222;:&#8222;Default&#8222;,&#8222;variant&#8222;:&#8222;Default&#8222;,&#8222;font_size&#8222;:&#8222;13&#8222;,&#8222;line_height&#8222;:&#8222;&#8222;,&#8222;letter_spacing&#8222;:&#8222;&#8222;,&#8222;text_transform&#8222;:&#8222;&#8222;}&#8220;]UNSERE PRODUKTE[\/vc_column_text][vc_custom_heading text=&#8220;Fahnenmast&#8220; font_container=&#8220;tag:h1|text_align:left|color:var(&#8211;porto-tertiary-color)&#8220; use_theme_fonts=&#8220;yes&#8220; css=&#8220;.vc_custom_1719863253332{margin-bottom: 25px !important;}&#8220; el_class=&#8220;header-title&#8220;][vc_column_text css=&#8220;&#8220; text_color=&#8220;var(&#8211;porto-light-color)&#8220;]Fahnenmasten aus Polyester oder Aluminium zum Aufh\u00e4ngen einer geraden horizontalen Fahne oder eines vertikalen Banners. Sie variieren in H\u00f6he und Material und werden verwendet, um Identit\u00e4t oder Botschaften an H\u00e4usern, Unternehmen oder \u00f6ffentlichen Pl\u00e4tzen zu zeigen.[\/vc_column_text][\/vc_column][vc_column width=&#8220;1\/6&#8243;][\/vc_column][\/vc_row][\/vc_section][vc_row full_width_css=&#8220;stretch_row_content_no_spaces_css&#8220; full_width=&#8220;stretch_row_content_no_spaces&#8220; css=&#8220;.vc_custom_1719487025522{margin-top: 0px !important;margin-right: 0px !important;margin-bottom: 0px !important;margin-left: 0px !important;padding-top: 0px !important;padding-right: 0px !important;padding-bottom: 0px !important;padding-left: 0px !important;background-color: var(&#8211;porto-secondary-color) !important;}&#8220; conditional_render=&#8220;%5B%7B%22value_role%22%3A%22administrator%22%7D%5D&#8220;][vc_column css=&#8220;.vc_custom_1719318870498{margin-top: 0px !important;margin-right: 0px !important;margin-bottom: 0px !important;margin-left: 0px !important;padding-top: 0px !important;padding-right: 0px !important;padding-bottom: 0px !important;padding-left: 0px !important;}&#8220; conditional_render=&#8220;%5B%7B%22value_role%22%3A%22administrator%22%7D%5D&#8220;]<div class=\"porto-carousel owl-carousel has-ccols ccols-xl-3 ccols-lg-3 ccols-md-3 ccols-sm-2 ccols-1 wpb_custom_2c1c45c292526ccd71e4170c056d3ae0\" data-plugin-options=\"{&quot;themeConfig&quot;:true,&quot;stagePadding&quot;:0,&quot;margin&quot;:0,&quot;autoplay&quot;:&quot;yes&quot;,&quot;mouseDrag&quot;:false,&quot;touchDrag&quot;:false,&quot;autoplayTimeout&quot;:5000,&quot;autoplayHoverPause&quot;:false,&quot;items&quot;:3,&quot;xl&quot;:3,&quot;lg&quot;:3,&quot;md&quot;:3,&quot;sm&quot;:2,&quot;xs&quot;:1,&quot;nav&quot;:false,&quot;dots&quot;:false,&quot;animateIn&quot;:&quot;&quot;,&quot;animateOut&quot;:&quot;&quot;,&quot;loop&quot;:&quot;yes&quot;,&quot;center&quot;:&quot;yes&quot;,&quot;video&quot;:false,&quot;lazyLoad&quot;:false,&quot;fullscreen&quot;:false}\">[vc_single_image image=&#8220;1237&#8243; img_size=&#8220;full&#8220; css=&#8220;&#8220;][vc_single_image image=&#8220;1497&#8243; img_size=&#8220;full&#8220; css=&#8220;&#8220; label=&#8220;&#8220;][vc_single_image image=&#8220;1232&#8243; img_size=&#8220;full&#8220; css=&#8220;&#8220;][vc_single_image image=&#8220;1273&#8243; img_size=&#8220;full&#8220; css=&#8220;&#8220;][vc_single_image image=&#8220;1532&#8243; img_size=&#8220;full&#8220; css=&#8220;&#8220; label=&#8220;&#8220;][vc_single_image image=&#8220;1223&#8243; img_size=&#8220;full&#8220; css=&#8220;&#8220;]<\/div>[\/vc_column][\/vc_row][vc_section full_width=&#8220;stretch_row&#8220; css=&#8220;.vc_custom_1719583314320{padding-top: 50px !important;padding-right: 30px !important;padding-bottom: 75px !important;padding-left: 30px !important;background-color: var(&#8211;porto-secondary-color) !important;}&#8220; conditional_render=&#8220;%5B%7B%22value_role%22%3A%22administrator%22%7D%5D&#8220;][vc_row wrap_container=&#8220;yes&#8220; conditional_render=&#8220;%5B%7B%22value_role%22%3A%22administrator%22%7D%5D&#8220;][vc_column width=&#8220;1\/5&#8243;][\/vc_column][vc_column width=&#8220;3\/5&#8243;]<div class=\"porto-u-heading  wpb_custom_95aa9a11c17ad45cfabaf210d84ee7cc porto-u-6932  vc_custom_1719863293653\"><div class=\"porto-u-main-heading\"><h3  >Fahnenmasten<\/h3><\/div><style>.porto-u-6932.porto-u-heading{text-align:left}<\/style><\/div>[vc_column_text css=&#8220;.vc_custom_1722450499634{margin-bottom: 15px !important;}&#8220;]<\/p>\n<h3><strong>Fahnenmasten:<\/strong><\/h3>\n<p><strong><br \/>Nachstehend finden Sie 4 Arten von Fahnenmasten<\/strong>. Als Basis sind alle unsere Masten wei\u00df RAL 9010 und mit einem Kippfu\u00df ausgestattet. <strong><br \/> Alle Polyestermasten haben eine konische Form (ohne Tisch).<br \/> Alle Aluminiummasten haben eine zylindrische (gespannte) Form.<\/strong><\/p>\n<p>1) Polyestermast f\u00fcr Standardflaggen<br \/>  2) Aluminiummast f\u00fcr Standardflaggen<br \/>  3) Polyestermast f\u00fcr Bannerflaggen<br \/>  4) Aluminium PREMIUM-Mast f\u00fcr Bannerfahnen[\/vc_column_text][\/vc_column][vc_column width=&#8220;1\/5&#8243;][\/vc_column][\/vc_row][\/vc_section][vc_section full_width=&#8220;stretch_row&#8220; css=&#8220;.vc_custom_1722453902688{padding-top: 50px !important;padding-right: 30px !important;padding-bottom: 75px !important;padding-left: 30px !important;}&#8220; conditional_render=&#8220;%5B%7B%22value_role%22%3A%22administrator%22%7D%5D&#8220;][vc_row wrap_container=&#8220;yes&#8220; conditional_render=&#8220;%5B%7B%22value_role%22%3A%22administrator%22%7D%5D&#8220;][vc_column width=&#8220;1\/5&#8243;][\/vc_column][vc_column width=&#8220;3\/5&#8243;][vc_column_text css=&#8220;.vc_custom_1722450480617{margin-bottom: 15px !important;}&#8220;]<\/p>\n<h3><strong>Polyester Mast konisch f\u00fcr Standardflaggen<\/strong><\/h3>\n<p><strong><br \/>Im Folgenden haben Sie die Wahl zwischen 3 Flaggenbefestigungen:<\/strong> Frosch &#8211; Die Leine verl\u00e4uft au\u00dfen und ist am Frosch befestigt. <strong><br \/> Wenn Sie die Fahne einholen m\u00f6chten, l\u00f6sen Sie die Leine und hissen die Fahne ein.<strong>Diebstahlsicherung<\/strong> (bis zu 8 Meter) &#8211; Die Leine verl\u00e4uft im Inneren des Mastes und sch\u00fctzt ihn so vor Witterungseinfl\u00fcssen. Die Abdeckung kann geschlossen werden, um Ihre Flagge vor Diebstahl zu sch\u00fctzen.<br \/> Ein weiterer Vorteil ist, dass die Leine bei Wind nicht gegen den Mast schl\u00e4gt. Windensystem &#8211; Dieses System umfasst ein Diebstahlschutzsystem mit einer zus\u00e4tzlichen Winde. Die Winde erleichtert das Hissen und Senken der Flagge und ist damit die sicherste und benutzerfreundlichste Option.<\/strong>    <\/p>\n<table width=\"483\">\n<tbody>\n<tr>\n<td colspan=\"4\" width=\"479\"><strong>Preise<\/strong><\/td>\n<\/tr>\n<tr>\n<td><strong>Typ des Mastes<\/strong><\/td>\n<td><strong>6 Meter<\/strong><\/td>\n<td><strong>7 Meter<\/strong><\/td>\n<td><strong>8 Meter<\/strong><\/td>\n<\/tr>\n<tr>\n<td>Mast mit Herzst\u00fcck und externer Schnur<\/td>\n<td> \u20ac 265,00<\/td>\n<td> \u20ac 300,00<\/td>\n<td> \u20ac 335,00<\/td>\n<\/tr>\n<tr>\n<td>Mast Anti-Diebstahl und interne Schnur<\/td>\n<td> \u20ac 345,00<\/td>\n<td> \u20ac 380,00<\/td>\n<td> \u20ac 415,00<\/td>\n<\/tr>\n<tr>\n<td>Mast mit Windensystem und internem Seil<\/td>\n<td> \u20ac 375,00<\/td>\n<td> \u20ac 405,00<\/td>\n<td> \u20ac 440,00<\/td>\n<\/tr>\n<\/tbody>\n<\/table>\n<p>&nbsp;[\/vc_column_text][\/vc_column][vc_column width=&#8220;1\/5&#8243;][\/vc_column][\/vc_row][vc_row wrap_container=&#8220;yes&#8220; conditional_render=&#8220;%5B%7B%22value_role%22%3A%22administrator%22%7D%5D&#8220;][vc_column width=&#8220;1\/5&#8243;][\/vc_column][vc_column width=&#8220;1\/5&#8243;][vc_single_image image=&#8220;1310&#8243; img_size=&#8220;full&#8220; onclick=&#8220;img_link_large&#8220; css=&#8220;&#8220;][\/vc_column][vc_column width=&#8220;1\/5&#8243;][vc_single_image image=&#8220;1311&#8243; img_size=&#8220;full&#8220; onclick=&#8220;img_link_large&#8220; css=&#8220;&#8220;][\/vc_column][vc_column width=&#8220;1\/5&#8243;][vc_single_image image=&#8220;1312&#8243; img_size=&#8220;full&#8220; onclick=&#8220;img_link_large&#8220; css=&#8220;&#8220;][\/vc_column][vc_column width=&#8220;1\/5&#8243;][\/vc_column][\/vc_row][\/vc_section][vc_section full_width=&#8220;stretch_row&#8220; css=&#8220;.vc_custom_1722453735899{padding-top: 50px !important;padding-right: 30px !important;padding-bottom: 75px !important;padding-left: 30px !important;}&#8220; conditional_render=&#8220;%5B%7B%22value_role%22%3A%22administrator%22%7D%5D&#8220;][vc_row wrap_container=&#8220;yes&#8220; conditional_render=&#8220;%5B%7B%22value_role%22%3A%22administrator%22%7D%5D&#8220;][vc_column width=&#8220;1\/5&#8243;][\/vc_column][vc_column width=&#8220;3\/5&#8243;][vc_column_text css=&#8220;.vc_custom_1722450457540{margin-bottom: 15px !important;}&#8220;]<\/p>\n<h3><strong>Aluminiummast f\u00fcr Standardflaggen<\/strong><\/h3>\n<p><strong><br \/>Im Folgenden haben Sie die Wahl zwischen 2 Flaggenbefestigungen:<\/strong> Frosch &#8211; Die Leine verl\u00e4uft au\u00dfen und ist am Frosch befestigt. <strong><br \/> Wenn Sie die Fahne einholen m\u00f6chten, l\u00f6sen Sie die Leine und hissen die Fahne ein. Windensystem &#8211; Dieses System beinhaltet ein Anti-Diebstahl-System mit einer zus\u00e4tzlichen Winde. Die Winde erleichtert das Hissen und Senken der Flagge und ist damit die sicherste und benutzerfreundlichste Option.<\/strong>  <\/p>\n<table width=\"483\">\n<tbody>\n<tr>\n<td colspan=\"4\" width=\"483\"><strong>Preise<\/strong><\/td>\n<\/tr>\n<tr>\n<td><strong>Typ des Mastes<\/strong><\/td>\n<td><strong>6 Meter<\/strong><\/td>\n<td><strong>7 Meter<\/strong><\/td>\n<td><strong>8 Meter<\/strong><\/td>\n<\/tr>\n<tr>\n<td>Mast \u00d890 mit Herzst\u00fcck und externer Schnur<\/td>\n<td> \u20ac 350,00<\/td>\n<td> \u20ac 375,00<\/td>\n<td> \u20ac 400,00<\/td>\n<\/tr>\n<tr>\n<td>Mast \u00d890 Windensystem und internes Seil<\/td>\n<td> \u20ac 450,00<\/td>\n<td> \u20ac 475,00<\/td>\n<td> \u20ac 500,00<\/td>\n<\/tr>\n<\/tbody>\n<\/table>\n<p>&nbsp;[\/vc_column_text][\/vc_column][vc_column width=&#8220;1\/5&#8243;][\/vc_column][\/vc_row][vc_row wrap_container=&#8220;yes&#8220; conditional_render=&#8220;%5B%7B%22value_role%22%3A%22administrator%22%7D%5D&#8220;][vc_column width=&#8220;1\/5&#8243;][\/vc_column][vc_column width=&#8220;1\/5&#8243;][vc_single_image image=&#8220;1307&#8243; img_size=&#8220;full&#8220; onclick=&#8220;img_link_large&#8220; css=&#8220;&#8220;][\/vc_column][vc_column width=&#8220;1\/5&#8243;][vc_single_image image=&#8220;1308&#8243; img_size=&#8220;full&#8220; onclick=&#8220;img_link_large&#8220; css=&#8220;&#8220;][\/vc_column][vc_column width=&#8220;1\/5&#8243;][vc_single_image image=&#8220;1306&#8243; img_size=&#8220;full&#8220; onclick=&#8220;img_link_large&#8220; css=&#8220;&#8220;][\/vc_column][vc_column width=&#8220;1\/5&#8243;][\/vc_column][\/vc_row][\/vc_section][vc_section full_width=&#8220;stretch_row&#8220; css=&#8220;.vc_custom_1722453343073{padding-top: 50px !important;padding-right: 30px !important;padding-bottom: 75px !important;padding-left: 30px !important;}&#8220; conditional_render=&#8220;%5B%7B%22value_role%22%3A%22administrator%22%7D%5D&#8220;][vc_row wrap_container=&#8220;yes&#8220; conditional_render=&#8220;%5B%7B%22value_role%22%3A%22administrator%22%7D%5D&#8220;][vc_column width=&#8220;1\/5&#8243;][\/vc_column][vc_column width=&#8220;3\/5&#8243;][vc_column_text css=&#8220;.vc_custom_1722450440772{margin-bottom: 15px !important;}&#8220;]<\/p>\n<h3><strong>Polyestermast f\u00fcr Bannerflaggen<\/strong><\/h3>\n<p><strong><br \/>Flaggenbefestigung:<\/strong>Polyestermast mit festem Bannerhalter. <strong><br \/> Um eine Flagge auszutauschen, m\u00fcssen Sie den Mast kippen.<br \/> Wenn Sie dies nicht w\u00fcnschen, sehen Sie sich unseren PREMIUM-Mast f\u00fcr Bannerflaggen an!<\/strong><\/p>\n<table width=\"483\">\n<tbody>\n<tr>\n<td colspan=\"4\" width=\"483\"><strong>Preise<\/strong><\/td>\n<\/tr>\n<tr>\n<td><strong>Typ des Mastes<\/strong><\/td>\n<td><strong>6 Meter<\/strong><\/td>\n<td><strong>7 Meter<\/strong><\/td>\n<td><strong>8 Meter<\/strong><\/td>\n<\/tr>\n<tr>\n<td>Mast mit festem Bannertr\u00e4ger<\/td>\n<td> \u20ac 370,00<\/td>\n<td> \u20ac 395,00<\/td>\n<td> \u20ac 420,00<\/td>\n<\/tr>\n<\/tbody>\n<\/table>\n<p>&nbsp;[\/vc_column_text][\/vc_column][vc_column width=&#8220;1\/5&#8243;][\/vc_column][\/vc_row][vc_row wrap_container=&#8220;yes&#8220; conditional_render=&#8220;%5B%7B%22value_role%22%3A%22administrator%22%7D%5D&#8220;][vc_column width=&#8220;1\/5&#8243;][\/vc_column][vc_column width=&#8220;1\/5&#8243;][vc_single_image image=&#8220;1304&#8243; img_size=&#8220;full&#8220; onclick=&#8220;img_link_large&#8220; css=&#8220;&#8220;][\/vc_column][vc_column width=&#8220;1\/5&#8243;][vc_single_image image=&#8220;1305&#8243; img_size=&#8220;full&#8220; onclick=&#8220;img_link_large&#8220; css=&#8220;&#8220;][\/vc_column][vc_column width=&#8220;1\/5&#8243;][vc_single_image image=&#8220;1303&#8243; img_size=&#8220;full&#8220; onclick=&#8220;img_link_large&#8220; css=&#8220;&#8220;][\/vc_column][vc_column width=&#8220;1\/5&#8243;][\/vc_column][\/vc_row][\/vc_section][vc_section full_width=&#8220;stretch_row&#8220; css=&#8220;.vc_custom_1722453359778{padding-top: 50px !important;padding-right: 30px !important;padding-bottom: 75px !important;padding-left: 30px !important;}&#8220; conditional_render=&#8220;%5B%7B%22value_role%22%3A%22administrator%22%7D%5D&#8220;][vc_row wrap_container=&#8220;yes&#8220; conditional_render=&#8220;%5B%7B%22value_role%22%3A%22administrator%22%7D%5D&#8220;][vc_column width=&#8220;1\/5&#8243;][\/vc_column][vc_column width=&#8220;3\/5&#8243;][vc_column_text css=&#8220;.vc_custom_1722450425426{margin-bottom: 15px !important;}&#8220;]<\/p>\n<h3><strong>Aluminium PREMIUM-Mast f\u00fcr Bannerfahnen<\/strong><\/h3>\n<p><strong><br \/>Fahnenbefestigung:<\/strong>Aluminiummast mit hissbarem Bannerhalter. <strong><br \/> Zum Auswechseln einer Flagge kann der Mast aufrecht stehen bleiben!<br \/> Dank des zylindrischen Mastes und des hissbaren Rohrs ist diese Konstruktion die eleganteste ihrer Art.<\/strong><\/p>\n<table width=\"483\">\n<tbody>\n<tr>\n<td colspan=\"4\" width=\"479\"><strong>Preise<\/strong><\/td>\n<\/tr>\n<tr>\n<td><strong>Typ des Mastes<\/strong><\/td>\n<td><strong>6 Meter<\/strong><\/td>\n<td><strong>7 Meter<\/strong><\/td>\n<td><strong>8 Meter<\/strong><\/td>\n<\/tr>\n<tr>\n<td>Mast \u00d890, hochziehbarer Bannerhalter<\/td>\n<td> \u20ac 465,00<\/td>\n<td> \u20ac 500,00<\/td>\n<td> \u20ac 535,00<\/td>\n<\/tr>\n<\/tbody>\n<\/table>\n<p>&nbsp;[\/vc_column_text][\/vc_column][vc_column width=&#8220;1\/5&#8243;][\/vc_column][\/vc_row][vc_row wrap_container=&#8220;yes&#8220; conditional_render=&#8220;%5B%7B%22value_role%22%3A%22administrator%22%7D%5D&#8220;][vc_column width=&#8220;1\/5&#8243;][\/vc_column][vc_column width=&#8220;1\/5&#8243;][vc_single_image image=&#8220;1301&#8243; img_size=&#8220;full&#8220; onclick=&#8220;img_link_large&#8220; css=&#8220;&#8220;][\/vc_column][vc_column width=&#8220;1\/5&#8243;][vc_single_image image=&#8220;1302&#8243; img_size=&#8220;full&#8220; onclick=&#8220;img_link_large&#8220; css=&#8220;&#8220;][\/vc_column][vc_column width=&#8220;1\/5&#8243;][vc_single_image image=&#8220;1300&#8243; img_size=&#8220;full&#8220; onclick=&#8220;img_link_large&#8220; css=&#8220;&#8220;][\/vc_column][vc_column width=&#8220;1\/5&#8243;][\/vc_column][\/vc_row][\/vc_section][vc_section full_width=&#8220;stretch_row&#8220; css=&#8220;.vc_custom_1722452346638{padding-top: 50px !important;padding-right: 30px !important;padding-bottom: 75px !important;padding-left: 30px !important;}&#8220; conditional_render=&#8220;%5B%7B%22value_role%22%3A%22administrator%22%7D%5D&#8220;][vc_row wrap_container=&#8220;yes&#8220; conditional_render=&#8220;%5B%7B%22value_role%22%3A%22administrator%22%7D%5D&#8220;][vc_column width=&#8220;1\/5&#8243;][\/vc_column][vc_column width=&#8220;3\/5&#8243;][vc_column_text css=&#8220;.vc_custom_1722450413429{margin-bottom: 15px !important;}&#8220;]<\/p>\n<h3><strong>Schwarze Masten<\/strong><\/h3>\n<p><strong><br \/><\/strong><br \/> F<strong>arbe schwarz RAL 9005<\/strong>Aufpreis f\u00fcr Farbe schwarz: EUR 100,00 pro Mast Nicht m\u00f6glich mit Anti-Diebstahl-Halterungen<strong><\/strong>[\/vc_column_text][\/vc_column][vc_column width=&#8220;1\/5&#8243;][\/vc_column][\/vc_row][vc_row wrap_container=&#8220;yes&#8220; conditional_render=&#8220;%5B%7B%22value_role%22%3A%22administrator%22%7D%5D&#8220;][vc_column width=&#8220;1\/6&#8243;][\/vc_column][vc_column width=&#8220;2\/6&#8243;][vc_single_image image=&#8220;1297&#8243; img_size=&#8220;full&#8220; css=&#8220;&#8220;][\/vc_column][vc_column width=&#8220;2\/6&#8243;][vc_single_image image=&#8220;1299&#8243; img_size=&#8220;full&#8220; css=&#8220;&#8220;][\/vc_column][vc_column width=&#8220;1\/6&#8243;][\/vc_column][\/vc_row][\/vc_section][vc_section full_width=&#8220;stretch_row&#8220; css=&#8220;.vc_custom_1722452153731{padding-top: 50px !important;padding-right: 30px !important;padding-bottom: 75px !important;padding-left: 30px !important;}&#8220; conditional_render=&#8220;%5B%7B%22value_role%22%3A%22administrator%22%7D%5D&#8220;][vc_row wrap_container=&#8220;yes&#8220; conditional_render=&#8220;%5B%7B%22value_role%22%3A%22administrator%22%7D%5D&#8220;][vc_column width=&#8220;1\/5&#8243;][\/vc_column][vc_column width=&#8220;3\/5&#8243;][vc_column_text css=&#8220;.vc_custom_1722450396791{margin-bottom: 15px !important;}&#8220;]<\/p>\n<h3><strong>Mastkn\u00f6pfe<\/strong><\/h3>\n<p><strong>W\u00e4hlen Sie aus den folgenden Rubriken:<\/strong><\/p>\n<ul>\n<li>Flaches Orange<\/li>\n<li>Flacher Wei\u00dfer<\/li>\n<li>Flaches Schwarz<\/li>\n<li>Birne orange + EUR 10.00<\/li>\n<li>Birne silber + EUR 10,00<\/li>\n<li>Birne gold + EUR 10,00<\/li>\n<\/ul>\n<p>[\/vc_column_text][\/vc_column][vc_column width=&#8220;1\/5&#8243;][\/vc_column][\/vc_row][vc_row wrap_container=&#8220;yes&#8220; conditional_render=&#8220;%5B%7B%22value_role%22%3A%22administrator%22%7D%5D&#8220;][vc_column width=&#8220;1\/5&#8243;][\/vc_column][vc_column width=&#8220;1\/5&#8243;][vc_single_image image=&#8220;1290&#8243; img_size=&#8220;full&#8220; css=&#8220;&#8220;][vc_column_text css=&#8220;&#8220;]<\/p>\n<p style=\"text-align: center;\"><strong>Flaches Orange<\/strong><\/p>\n<p>[\/vc_column_text][\/vc_column][vc_column width=&#8220;1\/5&#8243;][vc_single_image image=&#8220;1294&#8243; img_size=&#8220;full&#8220; css=&#8220;&#8220;][vc_column_text css=&#8220;&#8220;]<\/p>\n<p style=\"text-align: center;\"><strong>Flacher Wei\u00dfer<\/strong><\/p>\n<p>[\/vc_column_text][\/vc_column][vc_column width=&#8220;1\/5&#8243;][vc_single_image image=&#8220;1295&#8243; img_size=&#8220;full&#8220; css=&#8220;&#8220;][vc_column_text css=&#8220;&#8220;]<\/p>\n<p style=\"text-align: center;\"><strong>Flaches Schwarz<\/strong><\/p>\n<p>[\/vc_column_text][\/vc_column][vc_column width=&#8220;1\/5&#8243;][\/vc_column][\/vc_row][vc_row wrap_container=&#8220;yes&#8220; conditional_render=&#8220;%5B%7B%22value_role%22%3A%22administrator%22%7D%5D&#8220;][vc_column width=&#8220;1\/5&#8243;][\/vc_column][vc_column width=&#8220;1\/5&#8243;][vc_single_image image=&#8220;1292&#8243; img_size=&#8220;full&#8220; css=&#8220;&#8220;][vc_column_text css=&#8220;&#8220;]<\/p>\n<p style=\"text-align: center;\"><strong>Birne orange<\/strong><\/p>\n<p>[\/vc_column_text][\/vc_column][vc_column width=&#8220;1\/5&#8243;][vc_single_image image=&#8220;1293&#8243; img_size=&#8220;full&#8220; css=&#8220;&#8220;][vc_column_text css=&#8220;&#8220;]<\/p>\n<p style=\"text-align: center;\"><strong>Birne silber<\/strong><\/p>\n<p>[\/vc_column_text][\/vc_column][vc_column width=&#8220;1\/5&#8243;][vc_single_image image=&#8220;1291&#8243; img_size=&#8220;full&#8220; css=&#8220;&#8220;][vc_column_text css=&#8220;&#8220;]<\/p>\n<p style=\"text-align: center;\"><strong>Birne Gold<\/strong><\/p>\n<p>[\/vc_column_text][\/vc_column][vc_column width=&#8220;1\/5&#8243;][\/vc_column][\/vc_row][\/vc_section][vc_section full_width=&#8220;stretch_row&#8220; css=&#8220;.vc_custom_1719583314320{padding-top: 50px !important;padding-right: 30px !important;padding-bottom: 75px !important;padding-left: 30px !important;background-color: var(&#8211;porto-secondary-color) !important;}&#8220; conditional_render=&#8220;%5B%7B%22value_role%22%3A%22administrator%22%7D%5D&#8220;][vc_row wrap_container=&#8220;yes&#8220; conditional_render=&#8220;%5B%7B%22value_role%22%3A%22administrator%22%7D%5D&#8220;][vc_column width=&#8220;1\/5&#8243;][\/vc_column][vc_column width=&#8220;3\/5&#8243;][vc_column_text css=&#8220;.vc_custom_1722450383336{margin-bottom: 15px !important;}&#8220;]<\/p>\n<h3><strong>Lieferung ohne Montage<\/strong><\/h3>\n<table width=\"354\">\n<tbody>\n<tr>\n<td width=\"200\"><strong>Tarife f\u00fcr die Lieferung<\/strong><\/td>\n<td width=\"148\"><\/td>\n<\/tr>\n<tr>\n<td><strong>Transport <\/strong><\/td>\n<td><strong>Preis pro Mast<\/strong><\/td>\n<\/tr>\n<tr>\n<td>Transport 1. Mast<\/td>\n<td> \u20ac 80,00<\/td>\n<\/tr>\n<tr>\n<td>Transport jede weitere<\/td>\n<td> \u20ac 20,00<\/td>\n<\/tr>\n<\/tbody>\n<\/table>\n<p>&nbsp;[\/vc_column_text][\/vc_column][vc_column width=&#8220;1\/5&#8243;][\/vc_column][\/vc_row][\/vc_section][vc_section full_width=&#8220;stretch_row&#8220; css=&#8220;.vc_custom_1719583314320{padding-top: 50px !important;padding-right: 30px !important;padding-bottom: 75px !important;padding-left: 30px !important;background-color: var(&#8211;porto-secondary-color) !important;}&#8220; conditional_render=&#8220;%5B%7B%22value_role%22%3A%22administrator%22%7D%5D&#8220;][vc_row wrap_container=&#8220;yes&#8220; conditional_render=&#8220;%5B%7B%22value_role%22%3A%22administrator%22%7D%5D&#8220;][vc_column width=&#8220;1\/5&#8243;][\/vc_column][vc_column width=&#8220;3\/5&#8243;][vc_column_text css=&#8220;.vc_custom_1722450370816{margin-bottom: 15px !important;}&#8220;]<\/p>\n<h3><strong>Lieferung mit Montage<\/strong><\/h3>\n<table width=\"354\">\n<tbody>\n<tr>\n<td width=\"200\"><strong>Preise Lieferung + Montage<\/strong><\/td>\n<td width=\"148\"><\/td>\n<\/tr>\n<tr>\n<td><strong>Platzierung<\/strong><\/td>\n<td><strong>Preis pro Mast<\/strong><\/td>\n<\/tr>\n<tr>\n<td>Montagekosten pro Mast<\/td>\n<td> \u20ac 210,00<\/td>\n<\/tr>\n<tr>\n<td>Kosten f\u00fcr einen Anruf<\/td>\n<td> \u20ac 100,00<\/td>\n<\/tr>\n<\/tbody>\n<\/table>\n<p>&nbsp;[\/vc_column_text][\/vc_column][vc_column width=&#8220;1\/5&#8243;][\/vc_column][\/vc_row][\/vc_section][vc_section full_width=&#8220;stretch_row&#8220; css=&#8220;.vc_custom_1722453389818{padding-top: 50px !important;padding-right: 30px !important;padding-bottom: 75px !important;padding-left: 30px !important;}&#8220; conditional_render=&#8220;%5B%7B%22value_role%22%3A%22administrator%22%7D%5D&#8220;][vc_row wrap_container=&#8220;yes&#8220; conditional_render=&#8220;%5B%7B%22value_role%22%3A%22administrator%22%7D%5D&#8220;][vc_column width=&#8220;1\/5&#8243;][\/vc_column][vc_column width=&#8220;3\/5&#8243;][vc_column_text css=&#8220;.vc_custom_1722450354700{margin-bottom: 15px !important;}&#8220;]<\/p>\n<h3><strong>Beratung: Mastl\u00e4nge<\/strong><\/h3>\n<p>W<strong>ohnhaus<\/strong> = Mastl\u00e4nge &#8211; 1 Meter<strong>Gesch\u00e4ftsgeb\u00e4ude<\/strong> = Mastl\u00e4nge + 1 Meter<\/p>\n<p>&nbsp;[\/vc_column_text][\/vc_column][vc_column width=&#8220;1\/5&#8243;][\/vc_column][\/vc_row][\/vc_section][vc_section full_width=&#8220;stretch_row&#8220; css=&#8220;.vc_custom_1719666377638{padding-top: 75px !important;padding-right: 30px !important;padding-bottom: 75px !important;padding-left: 30px !important;background-color: var(&#8211;porto-secondary-color) !important;}&#8220; conditional_render=&#8220;%5B%7B%22value_role%22%3A%22administrator%22%7D%5D&#8220;][vc_row wrap_container=&#8220;yes&#8220; conditional_render=&#8220;%5B%7B%22value_role%22%3A%22administrator%22%7D%5D&#8220;][vc_column width=&#8220;1\/3&#8243;]<div class=\"porto-u-heading  wpb_custom_95aa9a11c17ad45cfabaf210d84ee7cc porto-u-7196 \"><div class=\"porto-u-main-heading\"><h4   style=\"color:var(--porto-primary-color);\">Preise Masten<\/h4><\/div><div class=\"porto-u-sub-heading\" style=\"\">\n<div class=\"wpb_text_column wpb_content_element \">\n<div class=\"wpb_wrapper\">\n<ul>\n<li class=\"default-style\">Netto-St\u00fcckpreise<\/li>\n<li>Exklusive 21% Mehrwertsteuer<\/li>\n<li class=\"default-style\">Rechnung: nach Lieferung<\/li>\n<li class=\"default-style\">Zahlungsfrist: innerhalb von 14 Tagen<\/li>\n<\/ul>\n<\/div>\n<\/div>\n<p><\/div><style>.porto-u-7196.porto-u-heading{text-align:left}<\/style><\/div>[\/vc_column][vc_column width=&#8220;1\/3&#8243;]<div class=\"porto-u-heading  wpb_custom_95aa9a11c17ad45cfabaf210d84ee7cc porto-u-2265 \"><div class=\"porto-u-main-heading\"><h4   style=\"color:var(--porto-primary-color);\">Unsere Arbeitsmethode<\/h4><\/div><div class=\"porto-u-sub-heading\" style=\"\">\n<div class=\"wpb_text_column wpb_content_element \">\n<div class=\"wpb_wrapper\">\n<p>&nbsp;<\/p>\n<p> S<strong>enden Sie uns eine E-Mail an<\/strong>: info@falkin.nl oder \u00fcber den unten stehenden Link<\/p>\n<ul>\n<li>die Nummer<\/li>\n<li>Art des Mastes<\/li>\n<li>Art der Operation<\/li>\n<li>welche Farbe wei\u00df RAL 9010 oder schwarz RAL 9005<\/li>\n<li>welches Impressum<\/li>\n<li>nur Lieferung oder inklusive Montage<\/li>\n<li>Lieferadresse<\/li>\n<\/ul>\n<\/div>\n<\/div>\n<p><\/div><style>.porto-u-2265.porto-u-heading{text-align:left}<\/style><\/div>[\/vc_column][vc_column width=&#8220;1\/3&#8243;]<div class=\"porto-u-heading  wpb_custom_95aa9a11c17ad45cfabaf210d84ee7cc porto-u-7742 \"><div class=\"porto-u-main-heading\"><h4   style=\"color:var(--porto-primary-color);\">Stra\u00dfenkarte<\/h4><\/div><style>.porto-u-7742.porto-u-heading{text-align:left}<\/style><\/div><div class=\"porto-sicon-box  wpb_custom_1b534e04266c65799a4ba0a321045efd style_1 default-icon\"><div class=\"porto-sicon-default\"><div class=\"porto-just-icon-wrapper porto-icon circle\" style=\"color:var(--porto-primary-light-5);background:#d9e5f3;font-size:18px;\"><i class=\"fas fa-check\"><\/i><\/div><\/div><div class=\"porto-sicon-header\"><h6 class=\"porto-sicon-title\" style=\"\">Inventar &amp; Angebot<\/h6><\/div> <!-- header --><\/div><!-- porto-sicon-box --><div class=\"porto-sicon-box  wpb_custom_1b534e04266c65799a4ba0a321045efd style_1 default-icon\"><div class=\"porto-sicon-default\"><div class=\"porto-just-icon-wrapper porto-icon circle\" style=\"color:var(--porto-primary-light-5);background:#d9e5f3;font-size:18px;\"><i class=\"fas fa-check\"><\/i><\/div><\/div><div class=\"porto-sicon-header\"><h6 class=\"porto-sicon-title\" style=\"\">Entwurf<\/h6><\/div> <!-- header --><\/div><!-- porto-sicon-box --><div class=\"porto-sicon-box  wpb_custom_1b534e04266c65799a4ba0a321045efd style_1 default-icon\"><div class=\"porto-sicon-default\"><div class=\"porto-just-icon-wrapper porto-icon circle\" style=\"color:var(--porto-primary-light-5);background:#d9e5f3;font-size:18px;\"><i class=\"fas fa-check\"><\/i><\/div><\/div><div class=\"porto-sicon-header\"><h6 class=\"porto-sicon-title\" style=\"\">Produktion<\/h6><\/div> <!-- header --><\/div><!-- porto-sicon-box --><div class=\"porto-sicon-box  wpb_custom_1b534e04266c65799a4ba0a321045efd style_1 default-icon\"><div class=\"porto-sicon-default\"><div class=\"porto-just-icon-wrapper porto-icon circle\" style=\"color:var(--porto-primary-light-5);background:#d9e5f3;font-size:18px;\"><i class=\"fas fa-check\"><\/i><\/div><\/div><div class=\"porto-sicon-header\"><h6 class=\"porto-sicon-title\" style=\"\">Lieferung<\/h6><\/div> <!-- header --><\/div><!-- porto-sicon-box --><div class=\"porto-sicon-box  wpb_custom_1b534e04266c65799a4ba0a321045efd style_1 default-icon\"><div class=\"porto-sicon-default\"><div class=\"porto-just-icon-wrapper porto-icon circle\" style=\"color:var(--porto-primary-light-5);background:#d9e5f3;font-size:18px;\"><i class=\"fas fa-check\"><\/i><\/div><\/div><div class=\"porto-sicon-header\"><h6 class=\"porto-sicon-title\" style=\"\">Rechnungsstellung<\/h6><\/div> <!-- header --><\/div><!-- porto-sicon-box -->[\/vc_column][\/vc_row][\/vc_section][vc_section full_width=&#8220;stretch_row&#8220; conditional_render=&#8220;%5B%7B%22value_role%22%3A%22administrator%22%7D%5D&#8220; el_class=&#8220;blue-gradient&#8220; css=&#8220;.vc_custom_1719582781363{margin-bottom: -50px !important;padding-top: 125px !important;padding-bottom: 125px !important;}&#8220;][vc_row full_width_css=&#8220;stretch_row_css&#8220; wrap_container=&#8220;yes&#8220; conditional_render=&#8220;%5B%7B%22value_role%22%3A%22administrator%22%7D%5D&#8220;][vc_column][vc_custom_heading text=&#8220;Fragen Sie uns nach einem unverbindlichen Preis.&#8220; font_container=&#8220;tag:h3|text_align:center|color:var(&#8211;porto-light-color)&#8220; use_theme_fonts=&#8220;yes&#8220; css=&#8220;.vc_custom_1719512582025{margin-bottom: 25px !important;}&#8220;][vc_column_text css=&#8220;&#8220; text_color=&#8220;var(&#8211;porto-light-color)&#8220;]<\/p>\n<p style=\"text-align: center;\">M\u00f6chten Sie einen unverbindlichen Preis erhalten? Wir helfen Ihnen gerne weiter. <\/p>\n<p>[\/vc_column_text][vc_btn title=&#8220;Kontakt aufnehmen&#8220; shape=&#8220;round&#8220; color=&#8220;white&#8220; size=&#8220;lg&#8220; align=&#8220;center&#8220; css=&#8220;.vc_custom_1719492202280{margin-bottom: 15px !important;}&#8220; btn_fs=&#8220;14&#8243; btn_fw=&#8220;400&#8243; link=&#8220;url:https%3A%2F%2Ffalkin.nl%2Fde%2Fkontakt%2F|title:Bereich%20Werbung|&#8220; btn_px=&#8220;25px&#8220; btn_py=&#8220;15px&#8220;][\/vc_column][\/vc_row][\/vc_section]<\/p>\n<\/div>","protected":false},"excerpt":{"rendered":"<p>[vc_section full_width=&#8220;stretch_row&#8220; el_class=&#8220;blue-gradient&#8220; conditional_render=&#8220;%5B%7B%22value_role%22%3A%22administrator%22%7D%5D&#8220; css=&#8220;.vc_custom_1719583350510{margin-top: -50px !important;margin-bottom: 0px !important;padding-top: 250px !important;padding-right: 30px !important;padding-bottom: 100px !important;padding-left: 30px !important;}&#8220;][vc_row wrap_container=&#8220;yes&#8220; conditional_render=&#8220;%5B%7B%22value_role%22%3A%22administrator%22%7D%5D&#8220;][vc_column width=&#8220;1\/6&#8243;][\/vc_column][vc_column width=&#8220;2\/3&#8243;][vc_column_text css=&#8220;.vc_custom_1719582566637{margin-bottom: 15px !important;}&#8220; text_color=&#8220;var(&#8211;porto-secondary-color)&#8220; text_typography=&#8220;{&#8222;family&#8222;:&#8222;Default&#8222;,&#8222;variant&#8222;:&#8222;Default&#8222;,&#8222;font_size&#8222;:&#8222;13&#8222;,&#8222;line_height&#8222;:&#8222;&#8222;,&#8222;letter_spacing&#8222;:&#8222;&#8222;,&#8222;text_transform&#8222;:&#8222;&#8222;}&#8220;]UNSERE PRODUKTE[\/vc_column_text][vc_custom_heading text=&#8220;Fahnenmast&#8220; font_container=&#8220;tag:h1|text_align:left|color:var(&#8211;porto-tertiary-color)&#8220; use_theme_fonts=&#8220;yes&#8220; css=&#8220;.vc_custom_1719863253332{margin-bottom: 25px !important;}&#8220; el_class=&#8220;header-title&#8220;][vc_column_text css=&#8220;&#8220; text_color=&#8220;var(&#8211;porto-light-color)&#8220;]Fahnenmasten aus Polyester oder Aluminium zum Aufh\u00e4ngen einer geraden horizontalen Fahne oder eines vertikalen Banners. Sie variieren in H\u00f6he und [&hellip;]<\/p>\n","protected":false},"author":1,"featured_media":0,"parent":2338,"menu_order":3,"comment_status":"closed","ping_status":"closed","template":"","meta":{"footnotes":""},"class_list":["post-2374","page","type-page","status-publish","hentry"],"yoast_head":"<!-- This site is optimized with the Yoast SEO plugin v27.4 - https:\/\/yoast.com\/product\/yoast-seo-wordpress\/ -->\n<title>Masten - Falkin<\/title>\n<meta name=\"robots\" content=\"index, follow, max-snippet:-1, max-image-preview:large, max-video-preview:-1\" \/>\n<link rel=\"canonical\" href=\"https:\/\/falkin.nl\/de\/produkte\/flaggen\/masten\/\" \/>\n<meta property=\"og:locale\" content=\"de_DE\" \/>\n<meta property=\"og:type\" content=\"article\" \/>\n<meta property=\"og:title\" content=\"Masten - Falkin\" \/>\n<meta property=\"og:description\" content=\"[vc_section full_width=&#8220;stretch_row&#8220; el_class=&#8220;blue-gradient&#8220; conditional_render=&#8220;%5B%7B%22value_role%22%3A%22administrator%22%7D%5D&#8220; css=&#8220;.vc_custom_1719583350510{margin-top: -50px !important;margin-bottom: 0px !important;padding-top: 250px !important;padding-right: 30px !important;padding-bottom: 100px !important;padding-left: 30px !important;}&#8220;][vc_row wrap_container=&#8220;yes&#8220; conditional_render=&#8220;%5B%7B%22value_role%22%3A%22administrator%22%7D%5D&#8220;][vc_column width=&#8220;1\/6&#8243;][\/vc_column][vc_column width=&#8220;2\/3&#8243;][vc_column_text css=&#8220;.vc_custom_1719582566637{margin-bottom: 15px !important;}&#8220; text_color=&#8220;var(&#8211;porto-secondary-color)&#8220; text_typography=&#8220;{&#8222;family&#8222;:&#8222;Default&#8222;,&#8222;variant&#8222;:&#8222;Default&#8222;,&#8222;font_size&#8222;:&#8222;13&#8222;,&#8222;line_height&#8222;:&#8222;&#8222;,&#8222;letter_spacing&#8222;:&#8222;&#8222;,&#8222;text_transform&#8222;:&#8222;&#8222;}&#8220;]UNSERE PRODUKTE[\/vc_column_text][vc_custom_heading text=&#8220;Fahnenmast&#8220; font_container=&#8220;tag:h1|text_align:left|color:var(&#8211;porto-tertiary-color)&#8220; use_theme_fonts=&#8220;yes&#8220; css=&#8220;.vc_custom_1719863253332{margin-bottom: 25px !important;}&#8220; el_class=&#8220;header-title&#8220;][vc_column_text css=&#8220;&#8220; text_color=&#8220;var(&#8211;porto-light-color)&#8220;]Fahnenmasten aus Polyester oder Aluminium zum Aufh\u00e4ngen einer geraden horizontalen Fahne oder eines vertikalen Banners. Sie variieren in H\u00f6he und [&hellip;]\" \/>\n<meta property=\"og:url\" content=\"https:\/\/falkin.nl\/de\/produkte\/flaggen\/masten\/\" \/>\n<meta property=\"og:site_name\" content=\"Falkin\" \/>\n<meta property=\"article:modified_time\" content=\"2024-10-25T09:24:44+00:00\" \/>\n<meta name=\"twitter:card\" content=\"summary_large_image\" \/>\n<meta name=\"twitter:label1\" content=\"Gesch\u00e4tzte Lesezeit\" \/>\n\t<meta name=\"twitter:data1\" content=\"14\u00a0Minuten\" \/>\n<script type=\"application\/ld+json\" class=\"yoast-schema-graph\">{\"@context\":\"https:\\\/\\\/schema.org\",\"@graph\":[{\"@type\":\"WebPage\",\"@id\":\"https:\\\/\\\/falkin.nl\\\/de\\\/produkte\\\/flaggen\\\/masten\\\/\",\"url\":\"https:\\\/\\\/falkin.nl\\\/de\\\/produkte\\\/flaggen\\\/masten\\\/\",\"name\":\"Masten - Falkin\",\"isPartOf\":{\"@id\":\"https:\\\/\\\/falkin.nl\\\/de\\\/#website\"},\"datePublished\":\"2024-06-25T08:53:04+00:00\",\"dateModified\":\"2024-10-25T09:24:44+00:00\",\"breadcrumb\":{\"@id\":\"https:\\\/\\\/falkin.nl\\\/de\\\/produkte\\\/flaggen\\\/masten\\\/#breadcrumb\"},\"inLanguage\":\"de\",\"potentialAction\":[{\"@type\":\"ReadAction\",\"target\":[\"https:\\\/\\\/falkin.nl\\\/de\\\/produkte\\\/flaggen\\\/masten\\\/\"]}]},{\"@type\":\"BreadcrumbList\",\"@id\":\"https:\\\/\\\/falkin.nl\\\/de\\\/produkte\\\/flaggen\\\/masten\\\/#breadcrumb\",\"itemListElement\":[{\"@type\":\"ListItem\",\"position\":1,\"name\":\"Home\",\"item\":\"https:\\\/\\\/falkin.nl\\\/de\\\/startseite\\\/\"},{\"@type\":\"ListItem\",\"position\":2,\"name\":\"Produkte\",\"item\":\"https:\\\/\\\/falkin.nl\\\/de\\\/produkte\\\/\"},{\"@type\":\"ListItem\",\"position\":3,\"name\":\"Flaggen\",\"item\":\"https:\\\/\\\/falkin.nl\\\/de\\\/produkte\\\/flaggen\\\/\"},{\"@type\":\"ListItem\",\"position\":4,\"name\":\"Masten\"}]},{\"@type\":\"WebSite\",\"@id\":\"https:\\\/\\\/falkin.nl\\\/de\\\/#website\",\"url\":\"https:\\\/\\\/falkin.nl\\\/de\\\/\",\"name\":\"Falkin\",\"description\":\"\",\"potentialAction\":[{\"@type\":\"SearchAction\",\"target\":{\"@type\":\"EntryPoint\",\"urlTemplate\":\"https:\\\/\\\/falkin.nl\\\/de\\\/?s={search_term_string}\"},\"query-input\":{\"@type\":\"PropertyValueSpecification\",\"valueRequired\":true,\"valueName\":\"search_term_string\"}}],\"inLanguage\":\"de\"}]}<\/script>\n<!-- \/ Yoast SEO plugin. -->","yoast_head_json":{"title":"Masten - Falkin","robots":{"index":"index","follow":"follow","max-snippet":"max-snippet:-1","max-image-preview":"max-image-preview:large","max-video-preview":"max-video-preview:-1"},"canonical":"https:\/\/falkin.nl\/de\/produkte\/flaggen\/masten\/","og_locale":"de_DE","og_type":"article","og_title":"Masten - Falkin","og_description":"[vc_section full_width=&#8220;stretch_row&#8220; el_class=&#8220;blue-gradient&#8220; conditional_render=&#8220;%5B%7B%22value_role%22%3A%22administrator%22%7D%5D&#8220; css=&#8220;.vc_custom_1719583350510{margin-top: -50px !important;margin-bottom: 0px !important;padding-top: 250px !important;padding-right: 30px !important;padding-bottom: 100px !important;padding-left: 30px !important;}&#8220;][vc_row wrap_container=&#8220;yes&#8220; conditional_render=&#8220;%5B%7B%22value_role%22%3A%22administrator%22%7D%5D&#8220;][vc_column width=&#8220;1\/6&#8243;][\/vc_column][vc_column width=&#8220;2\/3&#8243;][vc_column_text css=&#8220;.vc_custom_1719582566637{margin-bottom: 15px !important;}&#8220; text_color=&#8220;var(&#8211;porto-secondary-color)&#8220; text_typography=&#8220;{&#8222;family&#8222;:&#8222;Default&#8222;,&#8222;variant&#8222;:&#8222;Default&#8222;,&#8222;font_size&#8222;:&#8222;13&#8222;,&#8222;line_height&#8222;:&#8222;&#8222;,&#8222;letter_spacing&#8222;:&#8222;&#8222;,&#8222;text_transform&#8222;:&#8222;&#8222;}&#8220;]UNSERE PRODUKTE[\/vc_column_text][vc_custom_heading text=&#8220;Fahnenmast&#8220; font_container=&#8220;tag:h1|text_align:left|color:var(&#8211;porto-tertiary-color)&#8220; use_theme_fonts=&#8220;yes&#8220; css=&#8220;.vc_custom_1719863253332{margin-bottom: 25px !important;}&#8220; el_class=&#8220;header-title&#8220;][vc_column_text css=&#8220;&#8220; text_color=&#8220;var(&#8211;porto-light-color)&#8220;]Fahnenmasten aus Polyester oder Aluminium zum Aufh\u00e4ngen einer geraden horizontalen Fahne oder eines vertikalen Banners. Sie variieren in H\u00f6he und [&hellip;]","og_url":"https:\/\/falkin.nl\/de\/produkte\/flaggen\/masten\/","og_site_name":"Falkin","article_modified_time":"2024-10-25T09:24:44+00:00","twitter_card":"summary_large_image","twitter_misc":{"Gesch\u00e4tzte Lesezeit":"14\u00a0Minuten"},"schema":{"@context":"https:\/\/schema.org","@graph":[{"@type":"WebPage","@id":"https:\/\/falkin.nl\/de\/produkte\/flaggen\/masten\/","url":"https:\/\/falkin.nl\/de\/produkte\/flaggen\/masten\/","name":"Masten - Falkin","isPartOf":{"@id":"https:\/\/falkin.nl\/de\/#website"},"datePublished":"2024-06-25T08:53:04+00:00","dateModified":"2024-10-25T09:24:44+00:00","breadcrumb":{"@id":"https:\/\/falkin.nl\/de\/produkte\/flaggen\/masten\/#breadcrumb"},"inLanguage":"de","potentialAction":[{"@type":"ReadAction","target":["https:\/\/falkin.nl\/de\/produkte\/flaggen\/masten\/"]}]},{"@type":"BreadcrumbList","@id":"https:\/\/falkin.nl\/de\/produkte\/flaggen\/masten\/#breadcrumb","itemListElement":[{"@type":"ListItem","position":1,"name":"Home","item":"https:\/\/falkin.nl\/de\/startseite\/"},{"@type":"ListItem","position":2,"name":"Produkte","item":"https:\/\/falkin.nl\/de\/produkte\/"},{"@type":"ListItem","position":3,"name":"Flaggen","item":"https:\/\/falkin.nl\/de\/produkte\/flaggen\/"},{"@type":"ListItem","position":4,"name":"Masten"}]},{"@type":"WebSite","@id":"https:\/\/falkin.nl\/de\/#website","url":"https:\/\/falkin.nl\/de\/","name":"Falkin","description":"","potentialAction":[{"@type":"SearchAction","target":{"@type":"EntryPoint","urlTemplate":"https:\/\/falkin.nl\/de\/?s={search_term_string}"},"query-input":{"@type":"PropertyValueSpecification","valueRequired":true,"valueName":"search_term_string"}}],"inLanguage":"de"}]}},"_links":{"self":[{"href":"https:\/\/falkin.nl\/de\/wp-json\/wp\/v2\/pages\/2374","targetHints":{"allow":["GET"]}}],"collection":[{"href":"https:\/\/falkin.nl\/de\/wp-json\/wp\/v2\/pages"}],"about":[{"href":"https:\/\/falkin.nl\/de\/wp-json\/wp\/v2\/types\/page"}],"author":[{"embeddable":true,"href":"https:\/\/falkin.nl\/de\/wp-json\/wp\/v2\/users\/1"}],"replies":[{"embeddable":true,"href":"https:\/\/falkin.nl\/de\/wp-json\/wp\/v2\/comments?post=2374"}],"version-history":[{"count":1,"href":"https:\/\/falkin.nl\/de\/wp-json\/wp\/v2\/pages\/2374\/revisions"}],"predecessor-version":[{"id":2385,"href":"https:\/\/falkin.nl\/de\/wp-json\/wp\/v2\/pages\/2374\/revisions\/2385"}],"up":[{"embeddable":true,"href":"https:\/\/falkin.nl\/de\/wp-json\/wp\/v2\/pages\/2338"}],"wp:attachment":[{"href":"https:\/\/falkin.nl\/de\/wp-json\/wp\/v2\/media?parent=2374"}],"curies":[{"name":"wp","href":"https:\/\/api.w.org\/{rel}","templated":true}]}}